{"id":451,"date":"2025-10-14T15:33:44","date_gmt":"2025-10-14T15:33:44","guid":{"rendered":"https:\/\/www.cvbarreiro.com\/?page_id=451"},"modified":"2025-11-10T12:54:58","modified_gmt":"2025-11-10T12:54:58","slug":"escola-navegacao","status":"publish","type":"page","link":"https:\/\/www.cvbarreiro.com\/index.php\/escola-navegacao\/","title":{"rendered":"Escola de Navega\u00e7\u00e3o"},"content":{"rendered":"\t\t<div data-elementor-type=\"wp-page\" data-elementor-id=\"451\" class=\"elementor elementor-451\">\n\t\t\t\t<div class=\"elementor-element elementor-element-c6958c6 e-con-full e-flex wpr-particle-no wpr-jarallax-no wpr-parallax-no wpr-sticky-section-no wpr-equal-height-no e-con e-parent\" data-id=\"c6958c6\" data-element_type=\"container\" data-e-type=\"container\" data-settings=\"{&quot;background_background&quot;:&quot;classic&quot;}\">\n\t\t\t\t<div class=\"elementor-element elementor-element-afbc03a elementor-widget elementor-widget-text-editor\" data-id=\"afbc03a\" data-element_type=\"widget\" data-e-type=\"widget\" data-widget_type=\"text-editor.default\">\n\t\t\t\t\t\t\t\t\t<p>escola de<\/p><p>navega\u00e7\u00e3o<\/p>\t\t\t\t\t\t\t\t<\/div>\n\t\t\t\t<\/div>\n\t\t<div class=\"elementor-element elementor-element-158b210 e-flex e-con-boxed wpr-particle-no wpr-jarallax-no wpr-parallax-no wpr-sticky-section-no wpr-equal-height-no e-con e-parent\" data-id=\"158b210\" data-element_type=\"container\" data-e-type=\"container\">\n\t\t\t\t\t<div class=\"e-con-inner\">\n\t\t<div class=\"elementor-element elementor-element-3801194 e-con-full e-flex wpr-particle-no wpr-jarallax-no wpr-parallax-no wpr-sticky-section-no wpr-equal-height-no e-con e-child\" data-id=\"3801194\" data-element_type=\"container\" data-e-type=\"container\">\n\t\t\t\t<div class=\"elementor-element elementor-element-11c4448 elementor-widget elementor-widget-text-editor\" data-id=\"11c4448\" data-element_type=\"widget\" data-e-type=\"widget\" data-widget_type=\"text-editor.default\">\n\t\t\t\t\t\t\t\t\t<p>ESCOLA DE NAVEGA\u00c7\u00c3O<\/p>\t\t\t\t\t\t\t\t<\/div>\n\t\t\t\t<div class=\"elementor-element elementor-element-b73573a elementor-widget elementor-widget-text-editor\" data-id=\"b73573a\" data-element_type=\"widget\" data-e-type=\"widget\" data-widget_type=\"text-editor.default\">\n\t\t\t\t\t\t\t\t\t<p class=\"font_8\">Empenhada em oferecer uma forma\u00e7\u00e3o em N\u00e1utica de Recreio da\u00a0mais alta qualidade,\u00a0o\u00a0CLUBE DE VELA DO BARREIRO\u00a0integra um grupo de escolas presente no Barreiro, Cascais, Bel\u00e9m e no Parque das Na\u00e7\u00f5es, est\u00e1\u00a0credenciada pela DGRM\u00a0&#8211; Direc\u00e7\u00e3o Geral de Recursos Naturais, Seguran\u00e7a e Servi\u00e7os Mar\u00edtimos, e conta com uma equipa de\u00a0formadores experientes\u00a0e uma Coordena\u00e7\u00e3o t\u00e9cnico-pedag\u00f3gica\u00a0altamente qualificada.<\/p><p class=\"font_8\">\u200b<\/p><p class=\"font_8\"><strong>OS NOSSOS FORMADORES<\/strong><\/p><p class=\"font_8\">A Forma\u00e7\u00e3o \u00e9 assegurada por uma equipa de profissionais, formadores qualificados com vasta experi\u00eancia no ensino e na n\u00e1utica de recreio.<\/p><p class=\"font_8\">A Coordena\u00e7\u00e3o T\u00e9cnico &#8211; Pedag\u00f3gica \u00e9 assegurada pelo Dr. Jos\u00e9 Faria com experi\u00eancia em navega\u00e7\u00e3o de alto-mar, forma\u00e7\u00e3o acad\u00e9mica em Supervis\u00e3o Pedag\u00f3gica e Gest\u00e3o da Forma\u00e7\u00e3o, professor no ensino superior, experi\u00eancia de coordena\u00e7\u00e3o de disciplinas do ensino superior, formador profissional, Patr\u00e3o de Alto Mar e possuidor de Certificado Geral de Operador Radiotelefonista o que garante uma alta qualidade dos cursos ministrados.<\/p><p class=\"font_8\"><strong>Carta de Marinheiro\u00a0J\u00fanior\u00a0Idade m\u00ednima 8 anos<\/strong><\/p><p class=\"font_8\">habilita o titular ao comando de ER de comprimento ate\u0301 6 m, com pot\u00eancia instalada ate\u0301 4,5 kW, em navega\u00e7\u00e3o diurna, ate\u0301 uma dist\u00e2ncia m\u00e1xima de uma milha da linha de baixa-mar e de tr\u00eas milhas de um qualquer porto de abrigo.<\/p><p class=\"font_8\">Pre\u00e7o* 250\u20ac &#8211; Pre\u00e7o base de 111,54\u20ac + 25,66\u20ac (IVA a 23%) + 112,80\u20ac (Taxas de exame a pagar \u00e0 DGRM)<\/p><p class=\"font_8\">(S\u00f3cios do CVB t\u00eam um desconto de 10% sobre o pre\u00e7o base)<\/p><p class=\"font_8\"><strong>Carta de Marinheiro\u00a0Idade m\u00ednima 16 anos<\/strong><\/p><p class=\"font_8\">Habilita o titular ao comando de ER em navega\u00e7\u00e3o diurna a\u0300 dist\u00e2ncia m\u00e1xima de 3 milhas da costa e de 10 milhas de um qualquer porto de abrigo, com ER de comprimento ate\u0301 12 m, com pot\u00eancia instalada adequada a\u0300 sua certifica\u00e7\u00e3o (dos 16 aos 18 anos fica limitado a ER de comprimento ate\u0301 6 m com pot\u00eancia instalada ate\u0301 22,5 kW). Habilita ainda \u00e0 condu\u00e7\u00e3o de Motas de \u00c1gua e pranchas motorizadas \/ JET-SKY, independentemente da sua pot\u00eancia.<\/p><p class=\"font_8\">Pre\u00e7o* 390\u20ac &#8211; Pre\u00e7o base de 225,37\u20ac + 51,83\u20ac (IVA a 23%) + 112,80\u20ac (Taxas de exame a pagar \u00e0 DGRM)<\/p><p class=\"font_8\">(S\u00f3cios do CVB t\u00eam um desconto de 10% sobre o pre\u00e7o base)<\/p><p class=\"font_8\"><strong>Carta de Patr\u00e3o Local\u00a0Idade m\u00ednima 18 anos<\/strong><\/p><p class=\"font_8\">habilita o titular ao comando de ER de Dia ou de Noite a navegar a\u0300 vista da costa ate\u0301 uma dist\u00e2ncia m\u00e1xima de 6 milhas da costa e de 25 milhas de um qualquer porto de abrigo.<\/p><p class=\"font_8\">Permite o aluguer de embarca\u00e7\u00f5es e navega\u00e7\u00e3o nas costas do Mediterr\u00e2neo.<\/p><p class=\"font_8\">Pre\u00e7o* 540\u20ac &#8211; Pre\u00e7o base de 347,32\u20ac + 79,88\u20ac (IVA a 23%) + 112,80\u20ac (Taxas de exame a pagar \u00e0 DGRM)<\/p><p class=\"font_8\">(S\u00f3cios do CVB t\u00eam um desconto de 10% sobre o pre\u00e7o base)<\/p><p class=\"font_8\">Facilidades no ajuste do plano de aulas face \u00e0 sua disponibilidade. Contacte-nos!<\/p><p class=\"font_8\">Poder\u00e1 realizar a sua pr\u00e9-inscri\u00e7\u00e3o aqui:\u00a0<a>https:\/\/forms.gle\/1ndJQCKT7QXFG8Mz6<\/a><\/p><p class=\"font_8\">Mais informa\u00e7\u00f5es (indicando o curso e local que pretende frequentar):<\/p><p class=\"font_8\"><span style=\"color: #000000;\"><a style=\"color: #000000;\" href=\"https:\/\/nauticaderecreio.pt\/fale-connosco\/\" target=\"_blank\" rel=\"noopener\">https:\/\/nauticaderecreio.pt\/fale-connosco\/<\/a><\/span><\/p><p class=\"font_8\"><em>* Os pre\u00e7os podem sofrer varia\u00e7\u00f5es em qualquer altura devido a altera\u00e7\u00f5es de taxas e impostos associados ou de outros custos que impactem a realiza\u00e7\u00e3o dos cursos.<\/em><\/p>\t\t\t\t\t\t\t\t<\/div>\n\t\t\t\t<\/div>\n\t\t\t\t\t<\/div>\n\t\t\t\t<\/div>\n\t\t\t\t<\/div>\n\t\t","protected":false},"excerpt":{"rendered":"<p>escola de navega\u00e7\u00e3o ESCOLA DE NAVEGA\u00c7\u00c3O Empenhada em oferecer uma forma\u00e7\u00e3o em N\u00e1utica de Recreio da\u00a0mais alta qualidade,\u00a0o\u00a0CLUBE DE VELA DO BARREIRO\u00a0integra um grupo de escolas presente no Barreiro, Cascais, Bel\u00e9m e no Parque das Na\u00e7\u00f5es, est\u00e1\u00a0credenciada pela DGRM\u00a0&#8211; Direc\u00e7\u00e3o Geral de Recursos Naturais, Seguran\u00e7a e Servi\u00e7os Mar\u00edtimos, e conta com uma equipa de\u00a0formadores experientes\u00a0e uma Coordena\u00e7\u00e3o t\u00e9cnico-pedag\u00f3gica\u00a0altamente qualificada. \u200b OS NOSSOS FORMADORES A Forma\u00e7\u00e3o \u00e9 assegurada por uma equipa de profissionais, formadores qualificados com vasta experi\u00eancia no ensino e na n\u00e1utica de recreio. A Coordena\u00e7\u00e3o T\u00e9cnico &#8211; Pedag\u00f3gica \u00e9 assegurada pelo Dr. Jos\u00e9 Faria com experi\u00eancia em navega\u00e7\u00e3o de alto-mar, forma\u00e7\u00e3o acad\u00e9mica em Supervis\u00e3o Pedag\u00f3gica e Gest\u00e3o da Forma\u00e7\u00e3o, professor no ensino superior, experi\u00eancia de coordena\u00e7\u00e3o de disciplinas do ensino superior, formador profissional, Patr\u00e3o de Alto Mar e possuidor de Certificado Geral de Operador Radiotelefonista o que garante uma alta qualidade dos cursos ministrados. Carta de Marinheiro\u00a0J\u00fanior\u00a0Idade m\u00ednima 8 anos habilita o titular ao comando de ER de comprimento ate\u0301 6 m, com pot\u00eancia instalada ate\u0301 4,5 kW, em navega\u00e7\u00e3o diurna, ate\u0301 uma dist\u00e2ncia m\u00e1xima de uma milha da linha de baixa-mar e de tr\u00eas milhas de um qualquer porto de abrigo. Pre\u00e7o* 250\u20ac &#8211; Pre\u00e7o base de 111,54\u20ac + 25,66\u20ac (IVA a 23%) + 112,80\u20ac (Taxas de exame a pagar \u00e0 DGRM) (S\u00f3cios do CVB t\u00eam um desconto de 10% sobre o pre\u00e7o base) Carta de Marinheiro\u00a0Idade m\u00ednima 16 anos Habilita o titular ao comando de ER em navega\u00e7\u00e3o diurna a\u0300 dist\u00e2ncia m\u00e1xima de 3 milhas da costa e de 10 milhas de um qualquer porto de abrigo, com ER de comprimento ate\u0301 12 m, com pot\u00eancia instalada adequada a\u0300 sua certifica\u00e7\u00e3o (dos 16 aos 18 anos fica limitado a ER de comprimento ate\u0301 6 m com pot\u00eancia instalada ate\u0301 22,5 kW). Habilita ainda \u00e0 condu\u00e7\u00e3o de Motas de \u00c1gua e pranchas motorizadas \/ JET-SKY, independentemente da sua pot\u00eancia. Pre\u00e7o* 390\u20ac &#8211; Pre\u00e7o base de 225,37\u20ac + 51,83\u20ac (IVA a 23%) + 112,80\u20ac (Taxas de exame a pagar \u00e0 DGRM) (S\u00f3cios do CVB t\u00eam um desconto de 10% sobre o pre\u00e7o base) Carta de Patr\u00e3o Local\u00a0Idade m\u00ednima 18 anos habilita o titular ao comando de ER de Dia ou de Noite a navegar a\u0300 vista da costa ate\u0301 uma dist\u00e2ncia m\u00e1xima de 6 milhas da costa e de 25 milhas de um qualquer porto de abrigo. Permite o aluguer de embarca\u00e7\u00f5es e navega\u00e7\u00e3o nas costas do Mediterr\u00e2neo. Pre\u00e7o* 540\u20ac &#8211; Pre\u00e7o base de 347,32\u20ac + 79,88\u20ac (IVA a 23%) + 112,80\u20ac (Taxas de exame a pagar \u00e0 DGRM) (S\u00f3cios do CVB t\u00eam um desconto de 10% sobre o pre\u00e7o base) Facilidades no ajuste do plano de aulas face \u00e0 sua disponibilidade. Contacte-nos! Poder\u00e1 realizar a sua pr\u00e9-inscri\u00e7\u00e3o aqui:\u00a0https:\/\/forms.gle\/1ndJQCKT7QXFG8Mz6 Mais informa\u00e7\u00f5es (indicando o curso e local que pretende frequentar): https:\/\/nauticaderecreio.pt\/fale-connosco\/ * Os pre\u00e7os podem sofrer varia\u00e7\u00f5es em qualquer altura devido a altera\u00e7\u00f5es de taxas e impostos associados ou de outros custos que impactem a realiza\u00e7\u00e3o dos cursos.<\/p>\n","protected":false},"author":1,"featured_media":0,"parent":0,"menu_order":0,"comment_status":"closed","ping_status":"closed","template":"elementor_header_footer","meta":{"footnotes":""},"class_list":["post-451","page","type-page","status-publish","hentry"],"aioseo_notices":[],"_links":{"self":[{"href":"https:\/\/www.cvbarreiro.com\/index.php\/wp-json\/wp\/v2\/pages\/451","targetHints":{"allow":["GET"]}}],"collection":[{"href":"https:\/\/www.cvbarreiro.com\/index.php\/wp-json\/wp\/v2\/pages"}],"about":[{"href":"https:\/\/www.cvbarreiro.com\/index.php\/wp-json\/wp\/v2\/types\/page"}],"author":[{"embeddable":true,"href":"https:\/\/www.cvbarreiro.com\/index.php\/wp-json\/wp\/v2\/users\/1"}],"replies":[{"embeddable":true,"href":"https:\/\/www.cvbarreiro.com\/index.php\/wp-json\/wp\/v2\/comments?post=451"}],"version-history":[{"count":13,"href":"https:\/\/www.cvbarreiro.com\/index.php\/wp-json\/wp\/v2\/pages\/451\/revisions"}],"predecessor-version":[{"id":708,"href":"https:\/\/www.cvbarreiro.com\/index.php\/wp-json\/wp\/v2\/pages\/451\/revisions\/708"}],"wp:attachment":[{"href":"https:\/\/www.cvbarreiro.com\/index.php\/wp-json\/wp\/v2\/media?parent=451"}],"curies":[{"name":"wp","href":"https:\/\/api.w.org\/{rel}","templated":true}]}}