{"id":498,"date":"2025-10-14T16:38:32","date_gmt":"2025-10-14T16:38:32","guid":{"rendered":"https:\/\/www.cvbarreiro.com\/?page_id=498"},"modified":"2025-11-10T12:51:53","modified_gmt":"2025-11-10T12:51:53","slug":"competicao-optimist","status":"publish","type":"page","link":"https:\/\/www.cvbarreiro.com\/index.php\/competicao-optimist\/","title":{"rendered":"Competi\u00e7\u00e3o &#8211; Optimist"},"content":{"rendered":"\t\t<div data-elementor-type=\"wp-page\" data-elementor-id=\"498\" class=\"elementor elementor-498\">\n\t\t\t\t<div class=\"elementor-element elementor-element-c6958c6 e-con-full e-flex wpr-particle-no wpr-jarallax-no wpr-parallax-no wpr-sticky-section-no wpr-equal-height-no e-con e-parent\" data-id=\"c6958c6\" data-element_type=\"container\" data-e-type=\"container\" data-settings=\"{&quot;background_background&quot;:&quot;classic&quot;}\">\n\t\t\t\t<div class=\"elementor-element elementor-element-87c5d3f elementor-widget elementor-widget-text-editor\" data-id=\"87c5d3f\" data-element_type=\"widget\" data-e-type=\"widget\" data-widget_type=\"text-editor.default\">\n\t\t\t\t\t\t\t\t\t<p>optimistic<\/p>\t\t\t\t\t\t\t\t<\/div>\n\t\t\t\t<\/div>\n\t\t<div class=\"elementor-element elementor-element-158b210 e-flex e-con-boxed wpr-particle-no wpr-jarallax-no wpr-parallax-no wpr-sticky-section-no wpr-equal-height-no e-con e-parent\" data-id=\"158b210\" data-element_type=\"container\" data-e-type=\"container\">\n\t\t\t\t\t<div class=\"e-con-inner\">\n\t\t<div class=\"elementor-element elementor-element-3801194 e-con-full e-flex wpr-particle-no wpr-jarallax-no wpr-parallax-no wpr-sticky-section-no wpr-equal-height-no e-con e-child\" data-id=\"3801194\" data-element_type=\"container\" data-e-type=\"container\">\n\t\t<div class=\"elementor-element elementor-element-7939d7b e-con-full e-flex wpr-particle-no wpr-jarallax-no wpr-parallax-no wpr-sticky-section-no wpr-equal-height-no e-con e-child\" data-id=\"7939d7b\" data-element_type=\"container\" data-e-type=\"container\">\n\t\t<div class=\"elementor-element elementor-element-e4e6a7d e-con-full e-flex wpr-particle-no wpr-jarallax-no wpr-parallax-no wpr-sticky-section-no wpr-equal-height-no e-con e-child\" data-id=\"e4e6a7d\" data-element_type=\"container\" data-e-type=\"container\">\n\t\t\t\t<div class=\"elementor-element elementor-element-97e5ad1 elementor-widget elementor-widget-image\" data-id=\"97e5ad1\" data-element_type=\"widget\" data-e-type=\"widget\" data-widget_type=\"image.default\">\n\t\t\t\t\t\t\t\t\t\t\t\t\t\t\t<img fetchpriority=\"high\" decoding=\"async\" width=\"800\" height=\"534\" src=\"https:\/\/www.cvbarreiro.com\/wp-content\/uploads\/2025\/10\/393790133_638998008405104_8278541227015351479_n-1024x683.webp\" class=\"attachment-large size-large wp-image-500\" alt=\"Clube de Vela do Barreiro\" srcset=\"https:\/\/www.cvbarreiro.com\/wp-content\/uploads\/2025\/10\/393790133_638998008405104_8278541227015351479_n-1024x683.webp 1024w, https:\/\/www.cvbarreiro.com\/wp-content\/uploads\/2025\/10\/393790133_638998008405104_8278541227015351479_n-300x200.webp 300w, https:\/\/www.cvbarreiro.com\/wp-content\/uploads\/2025\/10\/393790133_638998008405104_8278541227015351479_n-768x512.webp 768w, https:\/\/www.cvbarreiro.com\/wp-content\/uploads\/2025\/10\/393790133_638998008405104_8278541227015351479_n.webp 1500w\" sizes=\"(max-width: 800px) 100vw, 800px\" \/>\t\t\t\t\t\t\t\t\t\t\t\t\t\t\t<\/div>\n\t\t\t\t<\/div>\n\t\t<div class=\"elementor-element elementor-element-a81edcb e-con-full e-flex wpr-particle-no wpr-jarallax-no wpr-parallax-no wpr-sticky-section-no wpr-equal-height-no e-con e-child\" data-id=\"a81edcb\" data-element_type=\"container\" data-e-type=\"container\">\n\t\t\t\t<div class=\"elementor-element elementor-element-983beb5 elementor-widget elementor-widget-text-editor\" data-id=\"983beb5\" data-element_type=\"widget\" data-e-type=\"widget\" data-widget_type=\"text-editor.default\">\n\t\t\t\t\t\t\t\t\t<p class=\"font_8\" style=\"font-size: 21px; line-height: 1.4em;\"><span style=\"font-weight: bold;\">Equipa Competi\u00e7\u00e3o Optimist<\/span><\/p><div class=\"elementToProof\"><b>Treinador Pedro Bolina<\/b><\/div><ul><li>Idade: 7 aos 15 anos<\/li><li>Valor mensalidade: 70,00 \u20ac<\/li><li>Ser s\u00f3cio do Clube 24,00\u20ac (anuidade) isento de joia<\/li><li>Seguro (anual): 10,00\u20ac<\/li><\/ul>\t\t\t\t\t\t\t\t<\/div>\n\t\t\t\t<\/div>\n\t\t\t\t<\/div>\n\t\t\t\t<div class=\"elementor-element elementor-element-a2c60e5 elementor-widget elementor-widget-spacer\" data-id=\"a2c60e5\" data-element_type=\"widget\" data-e-type=\"widget\" data-widget_type=\"spacer.default\">\n\t\t\t\t\t\t\t<div class=\"elementor-spacer\">\n\t\t\t<div class=\"elementor-spacer-inner\"><\/div>\n\t\t<\/div>\n\t\t\t\t\t\t<\/div>\n\t\t\t\t<div class=\"elementor-element elementor-element-b73573a elementor-widget elementor-widget-text-editor\" data-id=\"b73573a\" data-element_type=\"widget\" data-e-type=\"widget\" data-widget_type=\"text-editor.default\">\n\t\t\t\t\t\t\t\t\t<p class=\"font_8\"><strong>Melhores resultados<\/strong><\/p><p class=\"font_8\">\u200bClube de Vela do Barreiro<br \/>3\u00ba lugar \u00a0Equipas 2021<\/p><p class=\"font_8\">Madalena Wanzeller<br \/>Campe\u00e3 Portugal juvenis 2020<\/p><p class=\"font_8\">Clube de Vela do Barreiro<br \/>Vice &#8211; Campe\u00e3o de Portugal Equipas 2020<\/p><p class=\"font_8\">\u200b<\/p><p class=\"font_8\">Madalena Wanzeller<br \/>Campe\u00e3 Portugal Infantis 2019<\/p><p class=\"font_8\">Madalena Wanzeller<\/p><p class=\"font_8\">Campe\u00e3 Portugal Infantis 2018<\/p><p class=\"font_8\">Vasco Soares<\/p><p class=\"font_8\">Campe\u00e3o de Portugal Infantis 2018<\/p><p class=\"font_8\">\u200b<\/p><p class=\"font_8\">Tiago Wanzeller<\/p><p class=\"font_8\">Vice &#8211; Campe\u00e3o Portugal Infantis 2016<\/p><p class=\"font_8\">Manuel Ramos<\/p><p class=\"font_8\">Campe\u00e3o de Portugal 2016| Vice &#8211; Campe\u00e3o de Portugal 2015 | 3\u00ba Lugar Campeonato Portugal 2014 | Campe\u00e3o de Portugal de Infantis 2013\u00a0<\/p><p class=\"font_8\">Filipe Egipto<\/p><p class=\"font_8\">Vice &#8211; Campe\u00e3o de Portugal 2016<\/p><p class=\"font_8\">\u200b<\/p><p class=\"font_8\">Francisco Fr\u00e1guas\u00a0<\/p><p class=\"font_8\">Campe\u00e3o Nacional 2015<\/p><p class=\"font_8\">Jo\u00e3o Bolina<\/p><p class=\"font_8\">Campe\u00e3o de Portugal 2014 | Campe\u00e3o de Portugal de Infantis 2011\u00a0<\/p><p class=\"font_8\">Ricardo Alves<\/p><p class=\"font_8\">3\u00ba Lugar Campeonato de Portugal de Infantis e Iniciados 2014<\/p><p class=\"font_8\">\u200b<\/p><p class=\"font_8\">Campe\u00f5es de Portugal por Equipas | Escola de Vela<\/p><p class=\"font_8\">2011 \u2013 Jo\u00e3o Bolina; Francisco Rodrigues; Manuel Ramos; Tom\u00e1s Carreira; \u00a0<\/p><p class=\"font_8\">Patr\u00edcia Costa\u00a0\u00a0 \u00a0 \u00a0 \u00a0 \u00a0 \u00a0<\/p><p class=\"font_8\">Campe\u00e3 Nacional Feminina | Campe\u00e3 Regional Feminina | 3\u00aa Campeonato Nacional (absoluto) | Apurada para o Campeonato Mundial | 125\u00ba Lugar no Campeonato do Mundo (250 participantes) | Percurso de Alta Competi\u00e7\u00e3o<\/p><p class=\"font_8\">Jo\u00e3o Uva<\/p><p class=\"font_8\">4\u00ba Campeonato Nacional (absoluto) | Apurado para o Campeonato Mundial | 180\u00ba Lugar no Campeonato do Mundo (250 participantes)<\/p><p class=\"font_8\">Santiago Sampaio<\/p><p class=\"font_8\">8\u00ba Campeonato Nacional (absoluto) | Apurado para o Campeonato Europeu | 76\u00ba Lugar no Campeonato da Europa (150 participantes)<\/p><p class=\"font_8\">Gon\u00e7alo Ramos<\/p><p class=\"font_8\">11\u00ba lugar no Campeonato de Portugal de Juvenis | Apurado para o Campeonato da Europa de Optimist<\/p><p class=\"font_8\">\u200b<\/p><p class=\"font_8\">\u00a0<\/p>\t\t\t\t\t\t\t\t<\/div>\n\t\t\t\t<\/div>\n\t\t\t\t\t<\/div>\n\t\t\t\t<\/div>\n\t\t\t\t<\/div>\n\t\t","protected":false},"excerpt":{"rendered":"<p>optimistic Equipa Competi\u00e7\u00e3o Optimist Treinador Pedro Bolina Idade: 7 aos 15 anos Valor mensalidade: 70,00 \u20ac Ser s\u00f3cio do Clube 24,00\u20ac (anuidade) isento de joia Seguro (anual): 10,00\u20ac Melhores resultados \u200bClube de Vela do Barreiro3\u00ba lugar \u00a0Equipas 2021 Madalena WanzellerCampe\u00e3 Portugal juvenis 2020 Clube de Vela do BarreiroVice &#8211; Campe\u00e3o de Portugal Equipas 2020 \u200b Madalena WanzellerCampe\u00e3 Portugal Infantis 2019 Madalena Wanzeller Campe\u00e3 Portugal Infantis 2018 Vasco Soares Campe\u00e3o de Portugal Infantis 2018 \u200b Tiago Wanzeller Vice &#8211; Campe\u00e3o Portugal Infantis 2016 Manuel Ramos Campe\u00e3o de Portugal 2016| Vice &#8211; Campe\u00e3o de Portugal 2015 | 3\u00ba Lugar Campeonato Portugal 2014 | Campe\u00e3o de Portugal de Infantis 2013\u00a0 Filipe Egipto Vice &#8211; Campe\u00e3o de Portugal 2016 \u200b Francisco Fr\u00e1guas\u00a0 Campe\u00e3o Nacional 2015 Jo\u00e3o Bolina Campe\u00e3o de Portugal 2014 | Campe\u00e3o de Portugal de Infantis 2011\u00a0 Ricardo Alves 3\u00ba Lugar Campeonato de Portugal de Infantis e Iniciados 2014 \u200b Campe\u00f5es de Portugal por Equipas | Escola de Vela 2011 \u2013 Jo\u00e3o Bolina; Francisco Rodrigues; Manuel Ramos; Tom\u00e1s Carreira; \u00a0 Patr\u00edcia Costa\u00a0\u00a0 \u00a0 \u00a0 \u00a0 \u00a0 \u00a0 Campe\u00e3 Nacional Feminina | Campe\u00e3 Regional Feminina | 3\u00aa Campeonato Nacional (absoluto) | Apurada para o Campeonato Mundial | 125\u00ba Lugar no Campeonato do Mundo (250 participantes) | Percurso de Alta Competi\u00e7\u00e3o Jo\u00e3o Uva 4\u00ba Campeonato Nacional (absoluto) | Apurado para o Campeonato Mundial | 180\u00ba Lugar no Campeonato do Mundo (250 participantes) Santiago Sampaio 8\u00ba Campeonato Nacional (absoluto) | Apurado para o Campeonato Europeu | 76\u00ba Lugar no Campeonato da Europa (150 participantes) Gon\u00e7alo Ramos 11\u00ba lugar no Campeonato de Portugal de Juvenis | Apurado para o Campeonato da Europa de Optimist \u200b \u00a0<\/p>\n","protected":false},"author":1,"featured_media":0,"parent":0,"menu_order":0,"comment_status":"closed","ping_status":"closed","template":"elementor_header_footer","meta":{"footnotes":""},"class_list":["post-498","page","type-page","status-publish","hentry"],"aioseo_notices":[],"_links":{"self":[{"href":"https:\/\/www.cvbarreiro.com\/index.php\/wp-json\/wp\/v2\/pages\/498","targetHints":{"allow":["GET"]}}],"collection":[{"href":"https:\/\/www.cvbarreiro.com\/index.php\/wp-json\/wp\/v2\/pages"}],"about":[{"href":"https:\/\/www.cvbarreiro.com\/index.php\/wp-json\/wp\/v2\/types\/page"}],"author":[{"embeddable":true,"href":"https:\/\/www.cvbarreiro.com\/index.php\/wp-json\/wp\/v2\/users\/1"}],"replies":[{"embeddable":true,"href":"https:\/\/www.cvbarreiro.com\/index.php\/wp-json\/wp\/v2\/comments?post=498"}],"version-history":[{"count":16,"href":"https:\/\/www.cvbarreiro.com\/index.php\/wp-json\/wp\/v2\/pages\/498\/revisions"}],"predecessor-version":[{"id":699,"href":"https:\/\/www.cvbarreiro.com\/index.php\/wp-json\/wp\/v2\/pages\/498\/revisions\/699"}],"wp:attachment":[{"href":"https:\/\/www.cvbarreiro.com\/index.php\/wp-json\/wp\/v2\/media?parent=498"}],"curies":[{"name":"wp","href":"https:\/\/api.w.org\/{rel}","templated":true}]}}