{"id":509,"date":"2025-10-14T16:44:51","date_gmt":"2025-10-14T16:44:51","guid":{"rendered":"https:\/\/www.cvbarreiro.com\/?page_id=509"},"modified":"2025-10-14T16:48:27","modified_gmt":"2025-10-14T16:48:27","slug":"escola-optimist","status":"publish","type":"page","link":"https:\/\/www.cvbarreiro.com\/index.php\/escola-optimist\/","title":{"rendered":"Escola &#8211; Optimist"},"content":{"rendered":"\t\t<div data-elementor-type=\"wp-page\" data-elementor-id=\"509\" class=\"elementor elementor-509\">\n\t\t\t\t<div class=\"elementor-element elementor-element-c6958c6 e-con-full e-flex wpr-particle-no wpr-jarallax-no wpr-parallax-no wpr-sticky-section-no wpr-equal-height-no e-con e-parent\" data-id=\"c6958c6\" data-element_type=\"container\" data-e-type=\"container\" data-settings=\"{&quot;background_background&quot;:&quot;classic&quot;}\">\n\t\t\t\t<\/div>\n\t\t<div class=\"elementor-element elementor-element-158b210 e-flex e-con-boxed wpr-particle-no wpr-jarallax-no wpr-parallax-no wpr-sticky-section-no wpr-equal-height-no e-con e-parent\" data-id=\"158b210\" data-element_type=\"container\" data-e-type=\"container\">\n\t\t\t\t\t<div class=\"e-con-inner\">\n\t\t<div class=\"elementor-element elementor-element-3801194 e-con-full e-flex wpr-particle-no wpr-jarallax-no wpr-parallax-no wpr-sticky-section-no wpr-equal-height-no e-con e-child\" data-id=\"3801194\" data-element_type=\"container\" data-e-type=\"container\">\n\t\t<div class=\"elementor-element elementor-element-7939d7b e-con-full e-flex wpr-particle-no wpr-jarallax-no wpr-parallax-no wpr-sticky-section-no wpr-equal-height-no e-con e-child\" data-id=\"7939d7b\" data-element_type=\"container\" data-e-type=\"container\">\n\t\t<div class=\"elementor-element elementor-element-e4e6a7d e-con-full e-flex wpr-particle-no wpr-jarallax-no wpr-parallax-no wpr-sticky-section-no wpr-equal-height-no e-con e-child\" data-id=\"e4e6a7d\" data-element_type=\"container\" data-e-type=\"container\">\n\t\t\t\t<div class=\"elementor-element elementor-element-97e5ad1 elementor-widget elementor-widget-image\" data-id=\"97e5ad1\" data-element_type=\"widget\" data-e-type=\"widget\" data-widget_type=\"image.default\">\n\t\t\t\t\t\t\t\t\t\t\t\t\t\t\t<img fetchpriority=\"high\" decoding=\"async\" width=\"640\" height=\"480\" src=\"https:\/\/www.cvbarreiro.com\/wp-content\/uploads\/2025\/10\/16729348_10154215038707823_2923375563990820882_n.webp\" class=\"attachment-large size-large wp-image-511\" alt=\"Clube de Vela do Barreiro\" srcset=\"https:\/\/www.cvbarreiro.com\/wp-content\/uploads\/2025\/10\/16729348_10154215038707823_2923375563990820882_n.webp 640w, https:\/\/www.cvbarreiro.com\/wp-content\/uploads\/2025\/10\/16729348_10154215038707823_2923375563990820882_n-300x225.webp 300w\" sizes=\"(max-width: 640px) 100vw, 640px\" \/>\t\t\t\t\t\t\t\t\t\t\t\t\t\t\t<\/div>\n\t\t\t\t<\/div>\n\t\t<div class=\"elementor-element elementor-element-a81edcb e-con-full e-flex wpr-particle-no wpr-jarallax-no wpr-parallax-no wpr-sticky-section-no wpr-equal-height-no e-con e-child\" data-id=\"a81edcb\" data-element_type=\"container\" data-e-type=\"container\">\n\t\t\t\t<div class=\"elementor-element elementor-element-983beb5 elementor-widget elementor-widget-text-editor\" data-id=\"983beb5\" data-element_type=\"widget\" data-e-type=\"widget\" data-widget_type=\"text-editor.default\">\n\t\t\t\t\t\t\t\t\t<p class=\"font_8\"><strong>Equipa Escola Optimist<\/strong><\/p><p class=\"font_8\"><em>\u200bVelejadores:<\/em><\/p><p class=\"font_8\">Nelson Cadeirinhas<\/p><p class=\"font_8\">Andre Pinh\u00e3o<\/p><p class=\"font_8\">Rodrigo Xavier<\/p><p class=\"font_8\">Pedro Masqueiro<\/p><p class=\"font_8\">Alexandre Odin<\/p><p class=\"font_8\">Miguel Coelho<\/p><p class=\"font_8\">Evan Koen<\/p><p class=\"font_8\">Artur Bento<\/p><p class=\"font_8\">Tom\u00e1s Silva<\/p><p class=\"font_8\">Duarte Cavaco<\/p><p class=\"font_8\">Sofia Rodrigues<\/p><p class=\"font_8\">Tiago Conduto<\/p><p class=\"font_8\">Jo\u00e3o Mira<\/p><p class=\"font_8\">\u200b<\/p><p class=\"font_8\"><em>Treinadores:<\/em><\/p><p class=\"font_8\">Catarina Soares<\/p><p class=\"font_8\">Lucas Neves<\/p>\t\t\t\t\t\t\t\t<\/div>\n\t\t\t\t<\/div>\n\t\t\t\t<\/div>\n\t\t\t\t<div class=\"elementor-element elementor-element-b73573a elementor-widget elementor-widget-text-editor\" data-id=\"b73573a\" data-element_type=\"widget\" data-e-type=\"widget\" data-widget_type=\"text-editor.default\">\n\t\t\t\t\t\t\t\t\t<p class=\"font_8\"><strong>Melhores resultados<\/strong><\/p><p class=\"font_8\">2016 &#8211;\u00a04\u00ba lugar Campeonato de Portugal de infantis<\/p><p class=\"font_8\">2016 &#8211;\u00a03\u00ba lugar Campeonato de Regional de infantis<\/p><p class=\"font_8\">2015\u00a0&#8211;\u00a0Campe\u00f5es Regionais de Infantis<\/p><p class=\"font_8\">\u200b2014\u00a0&#8211;\u00a0Campe\u00f5es Regionais de Infantis<\/p><p class=\"font_8\">2013\u00a0&#8211;\u00a0Campe\u00f5es Regionais de Infantis<br \/>2012 &#8211;\u00a03\u00ba lugar Campeonato de Portugal de infantis<br \/>2011 &#8211;\u00a0Campe\u00f5es Regionais de Infantis<br \/>2011 &#8211;\u00a0Campe\u00f5es de Portugal de infantis<\/p>\t\t\t\t\t\t\t\t<\/div>\n\t\t\t\t<\/div>\n\t\t\t\t\t<\/div>\n\t\t\t\t<\/div>\n\t\t\t\t<\/div>\n\t\t","protected":false},"excerpt":{"rendered":"<p>Equipa Escola Optimist \u200bVelejadores: Nelson Cadeirinhas Andre Pinh\u00e3o Rodrigo Xavier Pedro Masqueiro Alexandre Odin Miguel Coelho Evan Koen Artur Bento Tom\u00e1s Silva Duarte Cavaco Sofia Rodrigues Tiago Conduto Jo\u00e3o Mira \u200b Treinadores: Catarina Soares Lucas Neves Melhores resultados 2016 &#8211;\u00a04\u00ba lugar Campeonato de Portugal de infantis 2016 &#8211;\u00a03\u00ba lugar Campeonato de Regional de infantis 2015\u00a0&#8211;\u00a0Campe\u00f5es Regionais de Infantis \u200b2014\u00a0&#8211;\u00a0Campe\u00f5es Regionais de Infantis 2013\u00a0&#8211;\u00a0Campe\u00f5es Regionais de Infantis2012 &#8211;\u00a03\u00ba lugar Campeonato de Portugal de infantis2011 &#8211;\u00a0Campe\u00f5es Regionais de Infantis2011 &#8211;\u00a0Campe\u00f5es de Portugal de infantis<\/p>\n","protected":false},"author":1,"featured_media":0,"parent":0,"menu_order":0,"comment_status":"closed","ping_status":"closed","template":"elementor_header_footer","meta":{"footnotes":""},"class_list":["post-509","page","type-page","status-publish","hentry"],"aioseo_notices":[],"_links":{"self":[{"href":"https:\/\/www.cvbarreiro.com\/index.php\/wp-json\/wp\/v2\/pages\/509","targetHints":{"allow":["GET"]}}],"collection":[{"href":"https:\/\/www.cvbarreiro.com\/index.php\/wp-json\/wp\/v2\/pages"}],"about":[{"href":"https:\/\/www.cvbarreiro.com\/index.php\/wp-json\/wp\/v2\/types\/page"}],"author":[{"embeddable":true,"href":"https:\/\/www.cvbarreiro.com\/index.php\/wp-json\/wp\/v2\/users\/1"}],"replies":[{"embeddable":true,"href":"https:\/\/www.cvbarreiro.com\/index.php\/wp-json\/wp\/v2\/comments?post=509"}],"version-history":[{"count":10,"href":"https:\/\/www.cvbarreiro.com\/index.php\/wp-json\/wp\/v2\/pages\/509\/revisions"}],"predecessor-version":[{"id":520,"href":"https:\/\/www.cvbarreiro.com\/index.php\/wp-json\/wp\/v2\/pages\/509\/revisions\/520"}],"wp:attachment":[{"href":"https:\/\/www.cvbarreiro.com\/index.php\/wp-json\/wp\/v2\/media?parent=509"}],"curies":[{"name":"wp","href":"https:\/\/api.w.org\/{rel}","templated":true}]}}